{"id":299,"date":"2020-09-17T11:48:02","date_gmt":"2020-09-17T09:48:02","guid":{"rendered":"https:\/\/office-roxx.de\/primabueroklima\/?page_id=299"},"modified":"2021-03-15T10:49:41","modified_gmt":"2021-03-15T09:49:41","slug":"handelsverband-buero-und-schreibkultur","status":"publish","type":"page","link":"https:\/\/office-roxx.de\/primabueroklima\/handelsverband-buero-und-schreibkultur\/","title":{"rendered":"Handelsverband B\u00fcro und Schreibkultur"},"content":{"rendered":"<p>Der HBS ist der \u00fcber\u00adgrei\u00adfen\u00adde Ver\u00adband f\u00fcr die B\u00fcro\u00adwirt\u00adschaft in Deutsch\u00adland. Er arbei\u00adtet f\u00fcr alle Han\u00addels\u00adun\u00adter\u00adneh\u00admen und rele\u00advan\u00adten Han\u00addels\u00ador\u00adga\u00adni\u00adsa\u00adtio\u00adnen der Bran\u00adche. Der HBS ver\u00adtritt in die\u00adser Eigen\u00adschaft als Sprach\u00adrohr der Bran\u00adche die Inter\u00ades\u00adsen sei\u00adner Mit\u00adglie\u00adder bei der Poli\u00adtik, der Indus\u00adtrie, bei Ver\u00adb\u00e4n\u00adden und Mes\u00adsen und sorgt damit f\u00fcr eine posi\u00adti\u00adve Wahr\u00adneh\u00admung der Bran\u00adche in der \u00d6ffentlichkeit.<!--more--><\/p>\n<p>Der HBS k\u00e4mpft dar\u00ad\u00fcber hin\u00adaus f\u00fcr geeig\u00adne\u00adte Rah\u00admen\u00adbe\u00addin\u00adgun\u00adgen, damit sei\u00adne Fach\u00adhan\u00addels\u00adun\u00adter\u00adneh\u00admer zufrie\u00adden und wirt\u00adschaft\u00adlich erfolg\u00adreich arbei\u00adten k\u00f6n\u00adnen. Der Nut\u00adzen der Mit\u00adglie\u00adder ist dabei Ma\u00df\u00adstab sei\u00adnes Han\u00addelns. Der&nbsp;HBS&nbsp;ist zugleich ein offe\u00adnes Forum, in dem die Bran\u00adchen\u00adteil\u00adneh\u00admer ihre gemein\u00adsa\u00admen Anlie\u00adgen ein\u00adbrin\u00adgen und die\u00adse einer The\u00adma\u00adti\u00adsie\u00adrung zuf\u00fch\u00adren. Der&nbsp;HBS&nbsp;betreibt hier\u00adzu ein akti\u00adves Netz\u00adwerk\u00adma\u00adnage\u00adment zwi\u00adschen sei\u00adnen Mit\u00adglie\u00addern unter\u00adein\u00adan\u00adder sowie mit dem&nbsp;HDE&nbsp;und mit Dritten.<\/p>\n<h2>Ziele des&nbsp;HBS<\/h2>\n<p>Alle rele\u00advan\u00adten Markt\u00adteil\u00adneh\u00admer aus dem Han\u00addel sind direk\u00adte Mit\u00adglie\u00adder des HBS oder ihres Ein\u00adzel\u00adhan\u00addels\u00adver\u00adbands und tra\u00adgen die\u00adsen \u00fcber eine akti\u00adve Mit\u00adar\u00adbeit. Er infor\u00admiert regel\u00adm\u00e4\u00ad\u00dfig und zeit\u00adnah \u00fcber die f\u00fcr sei\u00adne Mit\u00adglie\u00adder rich\u00adtungs\u00adwei\u00adsen\u00adden und ma\u00df\u00adge\u00adben\u00adden The\u00admen und unter\u00adst\u00fctzt aktiv mei\u00adnungs\u00adbil\u00adden\u00adde Pro\u00adzes\u00adse. Der HBS ver\u00admit\u00adtelt sei\u00adne T\u00e4tig\u00adkeit und Ergeb\u00adnis\u00adse auf der Basis einer pro\u00adfes\u00adsio\u00adnel\u00adlen \u00d6ffent\u00adlich\u00adkeits\u00adar\u00adbeit und eines pro\u00adfes\u00adsio\u00adnel\u00adlen Marketings.<\/p>\n<p>Der HBS ent\u00adwi\u00adckelt kun\u00adden\u00adori\u00aden\u00adtier\u00adte Bran\u00adchen\u00addienst\u00adleis\u00adtun\u00adgen f\u00fcr sei\u00adne Mit\u00adglie\u00adder und ver\u00admark\u00adtet die\u00adse an sei\u00adne Mit\u00adglie\u00adder. Der&nbsp;HBS&nbsp;ist ein wirt\u00adschaft\u00adlich star\u00adker Ver\u00adband und finan\u00adzi\u00adell unabh\u00e4ngig.<\/p>\n<h2>Aufgaben des forum b\u00fcrowirtschaft<\/h2>\n<p>Das forum b\u00fcro\u00adwirt\u00adschaft, die HBS-Arbeits\u00adge\u00admein\u00adschaft Indus\u00adtrie und Han\u00addel, unter\u00adst\u00fctzt die Wirt\u00adschafts\u00adstu\u00adfen \u00fcber\u00adgrei\u00adfen\u00adde Koope\u00adra\u00adti\u00adon zwi\u00adschen Her\u00adstel\u00adlern sowie Han\u00addels- und Dienst\u00adleis\u00adtungs\u00adun\u00adter\u00adneh\u00admen der B\u00fcro\u00adwirt\u00adschaft und gibt dem natio\u00adna\u00adlen Markt der B\u00fcro\u00adwirt\u00adschaft Impul\u00adse. Schwer\u00adpunk\u00adte der Auf\u00adga\u00adben und Zie\u00adle des forum b\u00fcro\u00adwirt\u00adschaft sind:<\/p>\n<ul>\n<li>Inten\u00adsi\u00advie\u00adrung und Ver\u00adbes\u00adse\u00adrung des Infor\u00adma\u00adti\u00adons\u00adaus\u00adtau\u00adsches zwi\u00adschen den Absatzmittlern<\/li>\n<li>Dia\u00adlog\u00adplatt\u00adform f\u00fcr alle Marktteilnehmer<\/li>\n<li>Koor\u00addi\u00adnie\u00adrung von Gemein\u00adschafts\u00adauf\u00adga\u00adben f\u00fcr alle Pro\u00addukt- und Dienst\u00adleis\u00adtungs\u00adbe\u00adrei\u00adche der B\u00fcrowirtschaft<\/li>\n<li>Durch\u00adf\u00fch\u00adrung von Unternehmertagungen<\/li>\n<\/ul>\n<hr>\n<p><img loading=\"lazy\" decoding=\"async\" class=\"alignnone size-full wp-image-300\" src=\"https:\/\/office-roxx.de\/primabueroklima\/wp-content\/uploads\/2020\/09\/hbs.jpg\" alt=\"Handelsverband B\u00fcro und Schreibkultur (HBS)\" width=\"250\" height=\"62\"><\/p>\n<p><strong>Han\u00addels\u00adver\u00adband B\u00fcro und Schreib\u00adkul\u00adtur (HBS)<\/strong><br>\n<strong>im Bun\u00addes\u00adver\u00adband Woh\u00adnen und B\u00fcro e. V. (BWB)<\/strong><br>\nFran\u00adgen\u00adheim\u00adstra\u00ad\u00dfe&nbsp;6<br>\n50931&nbsp;K\u00f6ln<br>\nTel.: 0221 94083-30<br>\n<a href=\"mailto:bbw@einzelhandel.de\">bbw@einzelhandel.de<\/a><br>\n<a href=\"http:\/\/www.bbw-online.de\" target=\"_blank\" rel=\"noopener noreferrer\">www.bbw-online.de<\/a><\/p>\n","protected":false},"excerpt":{"rendered":"<p>Der HBS ist der \u00fcber\u00adgrei\u00adfen\u00adde Ver\u00adband f\u00fcr die B\u00fcro\u00adwirt\u00adschaft in Deutsch\u00adland. Er arbei\u00adtet f\u00fcr alle Han\u00addels\u00adun\u00adter\u00adneh\u00admen und rele\u00advan\u00adten Han\u00addels\u00ador\u00adga\u00adni\u00adsa\u00adtio\u00adnen der Bran\u00adche. Der HBS ver\u00adtritt in die\u00adser Eigen\u00adschaft als Sprach\u00adrohr der Bran\u00adche die Inter\u00ades\u00adsen sei\u00adner Mit\u00adglie\u00adder bei der Poli\u00adtik, der Indus\u00adtrie, bei Ver\u00adb\u00e4n\u00adden und Mes\u00adsen und sorgt damit f\u00fcr eine posi\u00adti\u00adve Wahr\u00adneh\u00admung der Bran\u00adche in&nbsp;der&nbsp;[\u2026]<\/p>\n","protected":false},"author":1,"featured_media":0,"parent":0,"menu_order":0,"comment_status":"closed","ping_status":"closed","template":"","meta":{"wp_typography_post_enhancements_disabled":false,"footnotes":""},"tags":[],"class_list":["post-299","page","type-page","status-publish","hentry"],"yoast_head":"<!-- This site is optimized with the Yoast SEO plugin v27.3 - https:\/\/yoast.com\/product\/yoast-seo-wordpress\/ -->\n<title>Handelsverband B\u00fcro und Schreibkultur - PRIMAB\u00dcROKLIMA<\/title>\n<meta name=\"robots\" content=\"index, follow, max-snippet:-1, max-image-preview:large, max-video-preview:-1\" \/>\n<link rel=\"canonical\" href=\"https:\/\/office-roxx.de\/primabueroklima\/handelsverband-buero-und-schreibkultur\/\" \/>\n<meta property=\"og:locale\" content=\"de_DE\" \/>\n<meta property=\"og:type\" content=\"article\" \/>\n<meta property=\"og:title\" content=\"Handelsverband B\u00fcro und Schreibkultur - PRIMAB\u00dcROKLIMA\" \/>\n<meta property=\"og:description\" content=\"Der HBS ist der \u00fcber\u00adgrei\u00adfen\u00adde Ver\u00adband f\u00fcr die B\u00fcro\u00adwirt\u00adschaft in Deutsch\u00adland. Er arbei\u00adtet f\u00fcr alle Han\u00addels\u00adun\u00adter\u00adneh\u00admen und rele\u00advan\u00adten Han\u00addels\u00ador\u00adga\u00adni\u00adsa\u00adtio\u00adnen der Bran\u00adche. Der HBS ver\u00adtritt in die\u00adser Eigen\u00adschaft als Sprach\u00adrohr der Bran\u00adche die Inter\u00ades\u00adsen sei\u00adner Mit\u00adglie\u00adder bei der Poli\u00adtik, der Indus\u00adtrie, bei Ver\u00adb\u00e4n\u00adden und Mes\u00adsen und sorgt damit f\u00fcr eine posi\u00adti\u00adve Wahr\u00adneh\u00admung der Bran\u00adche in der [&hellip;]\" \/>\n<meta property=\"og:url\" content=\"https:\/\/office-roxx.de\/primabueroklima\/handelsverband-buero-und-schreibkultur\/\" \/>\n<meta property=\"og:site_name\" content=\"PRIMAB\u00dcROKLIMA\" \/>\n<meta property=\"article:modified_time\" content=\"2021-03-15T09:49:41+00:00\" \/>\n<meta property=\"og:image\" content=\"https:\/\/office-roxx.de\/primabueroklima\/wp-content\/uploads\/2020\/09\/hbs.jpg\" \/>\n<meta name=\"twitter:card\" content=\"summary_large_image\" \/>\n<meta name=\"twitter:label1\" content=\"Gesch\u00e4tzte Lesezeit\" \/>\n\t<meta name=\"twitter:data1\" content=\"2\u00a0Minuten\" \/>\n<script type=\"application\/ld+json\" class=\"yoast-schema-graph\">{\"@context\":\"https:\\\/\\\/schema.org\",\"@graph\":[{\"@type\":\"WebPage\",\"@id\":\"https:\\\/\\\/office-roxx.de\\\/primabueroklima\\\/handelsverband-buero-und-schreibkultur\\\/\",\"url\":\"https:\\\/\\\/office-roxx.de\\\/primabueroklima\\\/handelsverband-buero-und-schreibkultur\\\/\",\"name\":\"Handelsverband B\u00fcro und Schreibkultur - PRIMAB\u00dcROKLIMA\",\"isPartOf\":{\"@id\":\"https:\\\/\\\/office-roxx.de\\\/primabueroklima\\\/#website\"},\"primaryImageOfPage\":{\"@id\":\"https:\\\/\\\/office-roxx.de\\\/primabueroklima\\\/handelsverband-buero-und-schreibkultur\\\/#primaryimage\"},\"image\":{\"@id\":\"https:\\\/\\\/office-roxx.de\\\/primabueroklima\\\/handelsverband-buero-und-schreibkultur\\\/#primaryimage\"},\"thumbnailUrl\":\"https:\\\/\\\/office-roxx.de\\\/primabueroklima\\\/wp-content\\\/uploads\\\/2020\\\/09\\\/hbs.jpg\",\"datePublished\":\"2020-09-17T09:48:02+00:00\",\"dateModified\":\"2021-03-15T09:49:41+00:00\",\"breadcrumb\":{\"@id\":\"https:\\\/\\\/office-roxx.de\\\/primabueroklima\\\/handelsverband-buero-und-schreibkultur\\\/#breadcrumb\"},\"inLanguage\":\"de\",\"potentialAction\":[{\"@type\":\"ReadAction\",\"target\":[\"https:\\\/\\\/office-roxx.de\\\/primabueroklima\\\/handelsverband-buero-und-schreibkultur\\\/\"]}]},{\"@type\":\"ImageObject\",\"inLanguage\":\"de\",\"@id\":\"https:\\\/\\\/office-roxx.de\\\/primabueroklima\\\/handelsverband-buero-und-schreibkultur\\\/#primaryimage\",\"url\":\"https:\\\/\\\/office-roxx.de\\\/primabueroklima\\\/wp-content\\\/uploads\\\/2020\\\/09\\\/hbs.jpg\",\"contentUrl\":\"https:\\\/\\\/office-roxx.de\\\/primabueroklima\\\/wp-content\\\/uploads\\\/2020\\\/09\\\/hbs.jpg\",\"width\":250,\"height\":62,\"caption\":\"Handelsverband B\u00fcro und Schreibkultur (HBS)\"},{\"@type\":\"BreadcrumbList\",\"@id\":\"https:\\\/\\\/office-roxx.de\\\/primabueroklima\\\/handelsverband-buero-und-schreibkultur\\\/#breadcrumb\",\"itemListElement\":[{\"@type\":\"ListItem\",\"position\":1,\"name\":\"Startseite\",\"item\":\"https:\\\/\\\/office-roxx.de\\\/primabueroklima\\\/\"},{\"@type\":\"ListItem\",\"position\":2,\"name\":\"Handelsverband B\u00fcro und Schreibkultur\"}]},{\"@type\":\"WebSite\",\"@id\":\"https:\\\/\\\/office-roxx.de\\\/primabueroklima\\\/#website\",\"url\":\"https:\\\/\\\/office-roxx.de\\\/primabueroklima\\\/\",\"name\":\"PRIMAB\u00dcROKLIMA\",\"description\":\"F\u00fcr eine bessere Luftqualit\u00e4t in Office-Umgebungen\",\"publisher\":{\"@id\":\"https:\\\/\\\/office-roxx.de\\\/primabueroklima\\\/#organization\"},\"potentialAction\":[{\"@type\":\"SearchAction\",\"target\":{\"@type\":\"EntryPoint\",\"urlTemplate\":\"https:\\\/\\\/office-roxx.de\\\/primabueroklima\\\/?s={search_term_string}\"},\"query-input\":{\"@type\":\"PropertyValueSpecification\",\"valueRequired\":true,\"valueName\":\"search_term_string\"}}],\"inLanguage\":\"de\"},{\"@type\":\"Organization\",\"@id\":\"https:\\\/\\\/office-roxx.de\\\/primabueroklima\\\/#organization\",\"name\":\"PRIMAB\u00dcROKLIMA\",\"url\":\"https:\\\/\\\/office-roxx.de\\\/primabueroklima\\\/\",\"logo\":{\"@type\":\"ImageObject\",\"inLanguage\":\"de\",\"@id\":\"https:\\\/\\\/office-roxx.de\\\/primabueroklima\\\/#\\\/schema\\\/logo\\\/image\\\/\",\"url\":\"https:\\\/\\\/office-roxx.de\\\/primabueroklima\\\/wp-content\\\/uploads\\\/2020\\\/09\\\/Prima-Klima-Logo_Farbe_beschn.jpg\",\"contentUrl\":\"https:\\\/\\\/office-roxx.de\\\/primabueroklima\\\/wp-content\\\/uploads\\\/2020\\\/09\\\/Prima-Klima-Logo_Farbe_beschn.jpg\",\"width\":1000,\"height\":675,\"caption\":\"PRIMAB\u00dcROKLIMA\"},\"image\":{\"@id\":\"https:\\\/\\\/office-roxx.de\\\/primabueroklima\\\/#\\\/schema\\\/logo\\\/image\\\/\"}}]}<\/script>\n<!-- \/ Yoast SEO plugin. -->","yoast_head_json":{"title":"Handelsverband B\u00fcro und Schreibkultur - PRIMAB\u00dcROKLIMA","robots":{"index":"index","follow":"follow","max-snippet":"max-snippet:-1","max-image-preview":"max-image-preview:large","max-video-preview":"max-video-preview:-1"},"canonical":"https:\/\/office-roxx.de\/primabueroklima\/handelsverband-buero-und-schreibkultur\/","og_locale":"de_DE","og_type":"article","og_title":"Handelsverband B\u00fcro und Schreibkultur - PRIMAB\u00dcROKLIMA","og_description":"Der HBS ist der \u00fcber\u00adgrei\u00adfen\u00adde Ver\u00adband f\u00fcr die B\u00fcro\u00adwirt\u00adschaft in Deutsch\u00adland. Er arbei\u00adtet f\u00fcr alle Han\u00addels\u00adun\u00adter\u00adneh\u00admen und rele\u00advan\u00adten Han\u00addels\u00ador\u00adga\u00adni\u00adsa\u00adtio\u00adnen der Bran\u00adche. Der HBS ver\u00adtritt in die\u00adser Eigen\u00adschaft als Sprach\u00adrohr der Bran\u00adche die Inter\u00ades\u00adsen sei\u00adner Mit\u00adglie\u00adder bei der Poli\u00adtik, der Indus\u00adtrie, bei Ver\u00adb\u00e4n\u00adden und Mes\u00adsen und sorgt damit f\u00fcr eine posi\u00adti\u00adve Wahr\u00adneh\u00admung der Bran\u00adche in der [&hellip;]","og_url":"https:\/\/office-roxx.de\/primabueroklima\/handelsverband-buero-und-schreibkultur\/","og_site_name":"PRIMAB\u00dcROKLIMA","article_modified_time":"2021-03-15T09:49:41+00:00","og_image":[{"url":"https:\/\/office-roxx.de\/primabueroklima\/wp-content\/uploads\/2020\/09\/hbs.jpg","type":"","width":"","height":""}],"twitter_card":"summary_large_image","twitter_misc":{"Gesch\u00e4tzte Lesezeit":"2\u00a0Minuten"},"schema":{"@context":"https:\/\/schema.org","@graph":[{"@type":"WebPage","@id":"https:\/\/office-roxx.de\/primabueroklima\/handelsverband-buero-und-schreibkultur\/","url":"https:\/\/office-roxx.de\/primabueroklima\/handelsverband-buero-und-schreibkultur\/","name":"Handelsverband B\u00fcro und Schreibkultur - PRIMAB\u00dcROKLIMA","isPartOf":{"@id":"https:\/\/office-roxx.de\/primabueroklima\/#website"},"primaryImageOfPage":{"@id":"https:\/\/office-roxx.de\/primabueroklima\/handelsverband-buero-und-schreibkultur\/#primaryimage"},"image":{"@id":"https:\/\/office-roxx.de\/primabueroklima\/handelsverband-buero-und-schreibkultur\/#primaryimage"},"thumbnailUrl":"https:\/\/office-roxx.de\/primabueroklima\/wp-content\/uploads\/2020\/09\/hbs.jpg","datePublished":"2020-09-17T09:48:02+00:00","dateModified":"2021-03-15T09:49:41+00:00","breadcrumb":{"@id":"https:\/\/office-roxx.de\/primabueroklima\/handelsverband-buero-und-schreibkultur\/#breadcrumb"},"inLanguage":"de","potentialAction":[{"@type":"ReadAction","target":["https:\/\/office-roxx.de\/primabueroklima\/handelsverband-buero-und-schreibkultur\/"]}]},{"@type":"ImageObject","inLanguage":"de","@id":"https:\/\/office-roxx.de\/primabueroklima\/handelsverband-buero-und-schreibkultur\/#primaryimage","url":"https:\/\/office-roxx.de\/primabueroklima\/wp-content\/uploads\/2020\/09\/hbs.jpg","contentUrl":"https:\/\/office-roxx.de\/primabueroklima\/wp-content\/uploads\/2020\/09\/hbs.jpg","width":250,"height":62,"caption":"Handelsverband B\u00fcro und Schreibkultur (HBS)"},{"@type":"BreadcrumbList","@id":"https:\/\/office-roxx.de\/primabueroklima\/handelsverband-buero-und-schreibkultur\/#breadcrumb","itemListElement":[{"@type":"ListItem","position":1,"name":"Startseite","item":"https:\/\/office-roxx.de\/primabueroklima\/"},{"@type":"ListItem","position":2,"name":"Handelsverband B\u00fcro und Schreibkultur"}]},{"@type":"WebSite","@id":"https:\/\/office-roxx.de\/primabueroklima\/#website","url":"https:\/\/office-roxx.de\/primabueroklima\/","name":"PRIMAB\u00dcROKLIMA","description":"F\u00fcr eine bessere Luftqualit\u00e4t in Office-Umgebungen","publisher":{"@id":"https:\/\/office-roxx.de\/primabueroklima\/#organization"},"potentialAction":[{"@type":"SearchAction","target":{"@type":"EntryPoint","urlTemplate":"https:\/\/office-roxx.de\/primabueroklima\/?s={search_term_string}"},"query-input":{"@type":"PropertyValueSpecification","valueRequired":true,"valueName":"search_term_string"}}],"inLanguage":"de"},{"@type":"Organization","@id":"https:\/\/office-roxx.de\/primabueroklima\/#organization","name":"PRIMAB\u00dcROKLIMA","url":"https:\/\/office-roxx.de\/primabueroklima\/","logo":{"@type":"ImageObject","inLanguage":"de","@id":"https:\/\/office-roxx.de\/primabueroklima\/#\/schema\/logo\/image\/","url":"https:\/\/office-roxx.de\/primabueroklima\/wp-content\/uploads\/2020\/09\/Prima-Klima-Logo_Farbe_beschn.jpg","contentUrl":"https:\/\/office-roxx.de\/primabueroklima\/wp-content\/uploads\/2020\/09\/Prima-Klima-Logo_Farbe_beschn.jpg","width":1000,"height":675,"caption":"PRIMAB\u00dcROKLIMA"},"image":{"@id":"https:\/\/office-roxx.de\/primabueroklima\/#\/schema\/logo\/image\/"}}]}},"_links":{"self":[{"href":"https:\/\/office-roxx.de\/primabueroklima\/wp-json\/wp\/v2\/pages\/299","targetHints":{"allow":["GET"]}}],"collection":[{"href":"https:\/\/office-roxx.de\/primabueroklima\/wp-json\/wp\/v2\/pages"}],"about":[{"href":"https:\/\/office-roxx.de\/primabueroklima\/wp-json\/wp\/v2\/types\/page"}],"author":[{"embeddable":true,"href":"https:\/\/office-roxx.de\/primabueroklima\/wp-json\/wp\/v2\/users\/1"}],"replies":[{"embeddable":true,"href":"https:\/\/office-roxx.de\/primabueroklima\/wp-json\/wp\/v2\/comments?post=299"}],"version-history":[{"count":9,"href":"https:\/\/office-roxx.de\/primabueroklima\/wp-json\/wp\/v2\/pages\/299\/revisions"}],"predecessor-version":[{"id":748,"href":"https:\/\/office-roxx.de\/primabueroklima\/wp-json\/wp\/v2\/pages\/299\/revisions\/748"}],"wp:attachment":[{"href":"https:\/\/office-roxx.de\/primabueroklima\/wp-json\/wp\/v2\/media?parent=299"}],"wp:term":[{"taxonomy":"post_tag","embeddable":true,"href":"https:\/\/office-roxx.de\/primabueroklima\/wp-json\/wp\/v2\/tags?post=299"}],"curies":[{"name":"wp","href":"https:\/\/api.w.org\/{rel}","templated":true}]}}