{"id":28,"date":"2020-08-31T14:41:33","date_gmt":"2020-08-31T12:41:33","guid":{"rendered":"https:\/\/office-roxx.de\/primabueroklima\/?page_id=28"},"modified":"2025-01-13T14:22:29","modified_gmt":"2025-01-13T13:22:29","slug":"loesungen","status":"publish","type":"page","link":"https:\/\/office-roxx.de\/primabueroklima\/loesungen\/","title":{"rendered":"L\u00f6sungen"},"content":{"rendered":"<div id=\"gallery-1\" class=\"gallery galleryid-28 gallery-columns-2 gallery-size-thumbnail\"><figure class=\"gallery-item\">\n\t\t\t<div class=\"gallery-icon landscape\">\n\t\t\t\t<a href=\"https:\/\/office-roxx.de\/primabueroklima\/loesungen\/condair-nanofog-raumluftbefeuchter\/\"><img loading=\"lazy\" decoding=\"async\" width=\"150\" height=\"150\" src=\"https:\/\/office-roxx.de\/primabueroklima\/wp-content\/uploads\/2020\/09\/condair-NanoFog-raumluftbefeuchter-150x150.jpg\" class=\"attachment-thumbnail size-thumbnail\" alt=\"NanoFog von Condair Systems\" aria-describedby=\"gallery-1-320\"><\/a>\n\t\t\t<\/div>\n\t\t\t\t<figcaption class=\"wp-caption-text gallery-caption\" id=\"gallery-1-320\">\n\t\t\t\t<a href=\"https:\/\/www.condair-systems.de\/luftbefeuchtung\/hochdruck-duesen-systeme\/nanofog\" target=\"_blank\" rel=\"noopener noreferrer\">Nano\u00adFog<\/a> von <a href=\"https:\/\/www.condair-systems.de\" target=\"_blank\" rel=\"noopener noreferrer\">Cond\u00adair<\/a>\n\t\t\t\t<\/figcaption><\/figure><figure class=\"gallery-item\">\n\t\t\t<div class=\"gallery-icon landscape\">\n\t\t\t\t<a href=\"https:\/\/office-roxx.de\/primabueroklima\/fuer-mehr-gesunde-luftfeuchte-in-bueros\/condair-humilife-2021-8-1\/\"><img loading=\"lazy\" decoding=\"async\" width=\"150\" height=\"150\" src=\"https:\/\/office-roxx.de\/primabueroklima\/wp-content\/uploads\/2021\/06\/Condair-HumiLife-2021-8-1-150x150.jpg\" class=\"attachment-thumbnail size-thumbnail\" alt=\"Condair HumiLife\" aria-describedby=\"gallery-1-936\"><\/a>\n\t\t\t<\/div>\n\t\t\t\t<figcaption class=\"wp-caption-text gallery-caption\" id=\"gallery-1-936\">\n\t\t\t\t<a href=\"https:\/\/www.condair-systems.de\/luftbefeuchtung\/humilife\" target=\"_blank\" rel=\"noopener noreferrer\">Cond\u00adair Humi\u00adLi\u00adfe<\/a> von <a href=\"https:\/\/www.condair-systems.de\/\" target=\"_blank\" rel=\"noopener noreferrer\">Cond\u00adair<\/a>\n\t\t\t\t<\/figcaption><\/figure><figure class=\"gallery-item\">\n\t\t\t<div class=\"gallery-icon landscape\">\n\t\t\t\t<a href=\"https:\/\/office-roxx.de\/primabueroklima\/loesungen\/condair-trepur-komplettsystem\/\"><img loading=\"lazy\" decoding=\"async\" width=\"150\" height=\"150\" src=\"https:\/\/office-roxx.de\/primabueroklima\/wp-content\/uploads\/2020\/09\/condair-TrePur-Komplettsystem-150x150.jpg\" class=\"attachment-thumbnail size-thumbnail\" alt=\"Komplettsystem DRAABE TrePur von condair systems\" aria-describedby=\"gallery-1-321\"><\/a>\n\t\t\t<\/div>\n\t\t\t\t<figcaption class=\"wp-caption-text gallery-caption\" id=\"gallery-1-321\">\n\t\t\t\t<a href=\"https:\/\/www.condair-systems.de\/luftbefeuchtung\/komplettsysteme\/komplettsystem-trepur-compact\" target=\"_blank\" rel=\"noopener noreferrer\">Kom\u00adplett\u00adsys\u00adtem DRAABE Tre\u00adPur<\/a> von <a href=\"https:\/\/www.condair-systems.de\/\" target=\"_blank\" rel=\"noopener noreferrer\">Cond\u00adair<\/a>\n\t\t\t\t<\/figcaption><\/figure><figure class=\"gallery-item\">\n\t\t\t<div class=\"gallery-icon landscape\">\n\t\t\t\t<a href=\"https:\/\/office-roxx.de\/primabueroklima\/vex4000_lueftungsgeraet_exhausto\/\"><img loading=\"lazy\" decoding=\"async\" width=\"150\" height=\"150\" src=\"https:\/\/office-roxx.de\/primabueroklima\/wp-content\/uploads\/2021\/03\/VEX4000_Lueftungsgeraet_EXHAUSTO-150x150.jpg\" class=\"attachment-thumbnail size-thumbnail\" alt=\"L\u00fcftungsger\u00e4t VEX4000 von Exhausto by Aldes.\" aria-describedby=\"gallery-1-807\"><\/a>\n\t\t\t<\/div>\n\t\t\t\t<figcaption class=\"wp-caption-text gallery-caption\" id=\"gallery-1-807\">\n\t\t\t\t<a href=\"https:\/\/vex4000.exhausto.com\/de\/\" target=\"_blank\" rel=\"noopener noreferrer\">VEX4000<\/a> von <a href=\"https:\/\/www.exhausto.de\/\" target=\"_blank\" rel=\"noopener noreferrer\">Exhaus\u00adto<\/a>\n\t\t\t\t<\/figcaption><\/figure><figure class=\"gallery-item\">\n\t\t\t<div class=\"gallery-icon landscape\">\n\t\t\t\t<a href=\"https:\/\/office-roxx.de\/primabueroklima\/loesungen\/vallox-airdirect-1000-d-adobestock-219526736-v2\/\"><img loading=\"lazy\" decoding=\"async\" width=\"150\" height=\"150\" src=\"https:\/\/office-roxx.de\/primabueroklima\/wp-content\/uploads\/2023\/01\/Vallox-Airdirect-1000-D-AdobeStock-219526736-v2-150x150.jpg\" class=\"attachment-thumbnail size-thumbnail\" alt=\"Vallox Airdirect 1000 D. Abbildung: Valox, AdobeStock (219526736)\" aria-describedby=\"gallery-1-1615\"><\/a>\n\t\t\t<\/div>\n\t\t\t\t<figcaption class=\"wp-caption-text gallery-caption\" id=\"gallery-1-1615\">\n\t\t\t\t<a href=\"https:\/\/commercial-line.vallox.de\/produkte\/airdirect-1000-d\/\" target=\"_blank\" rel=\"noopener noreferrer\">air\u00adDI\u00adRECT 1000 D<\/a> von <a href=\"https:\/\/vallox.de\/\" target=\"_blank\" rel=\"noopener noreferrer\">Vall\u00adox<\/a>\n\t\t\t\t<\/figcaption><\/figure><figure class=\"gallery-item\">\n\t\t\t<div class=\"gallery-icon landscape\">\n\t\t\t\t<a href=\"https:\/\/office-roxx.de\/primabueroklima\/vallox\/teamwork-is-a-key-to-success-business-people-in-smart-casual-wear-talking-and-smiling-while-having-a-brainstorm-meeting-in-office\/\"><img loading=\"lazy\" decoding=\"async\" width=\"150\" height=\"150\" src=\"https:\/\/office-roxx.de\/primabueroklima\/wp-content\/uploads\/2024\/04\/Vallo-airDIRECT-Standgeraete-150x150.jpg\" class=\"attachment-thumbnail size-thumbnail\" alt=\"Vallox Airdirect 750 S. Abbildung: Valox\" aria-describedby=\"gallery-1-1998\"><\/a>\n\t\t\t<\/div>\n\t\t\t\t<figcaption class=\"wp-caption-text gallery-caption\" id=\"gallery-1-1998\">\n\t\t\t\t<a href=\"https:\/\/commercial-line.vallox.de\/produkte\/airdirect-750-cc\/\/\" target=\"_blank\" rel=\"noopener noreferrer\">air\u00adDI\u00adRECT 750 S<\/a> von <a href=\"https:\/\/vallox.de\/\" target=\"_blank\" rel=\"noopener noreferrer\">Vall\u00adox<\/a>\n\t\t\t\t<\/figcaption><\/figure>\n\t\t<\/div>\n\n","protected":false},"excerpt":{"rendered":"","protected":false},"author":1,"featured_media":0,"parent":0,"menu_order":0,"comment_status":"closed","ping_status":"closed","template":"","meta":{"wp_typography_post_enhancements_disabled":false,"footnotes":""},"tags":[],"class_list":["post-28","page","type-page","status-publish","hentry"],"yoast_head":"<!-- This site is optimized with the Yoast SEO plugin v27.3 - https:\/\/yoast.com\/product\/yoast-seo-wordpress\/ -->\n<title>L\u00f6sungen - PRIMAB\u00dcROKLIMA<\/title>\n<meta name=\"robots\" content=\"index, follow, max-snippet:-1, max-image-preview:large, max-video-preview:-1\" \/>\n<link rel=\"canonical\" href=\"https:\/\/office-roxx.de\/primabueroklima\/loesungen\/\" \/>\n<meta property=\"og:locale\" content=\"de_DE\" \/>\n<meta property=\"og:type\" content=\"article\" \/>\n<meta property=\"og:title\" content=\"L\u00f6sungen - PRIMAB\u00dcROKLIMA\" \/>\n<meta property=\"og:url\" content=\"https:\/\/office-roxx.de\/primabueroklima\/loesungen\/\" \/>\n<meta property=\"og:site_name\" content=\"PRIMAB\u00dcROKLIMA\" \/>\n<meta property=\"article:modified_time\" content=\"2025-01-13T13:22:29+00:00\" \/>\n<meta property=\"og:image\" content=\"https:\/\/office-roxx.de\/primabueroklima\/wp-content\/uploads\/2020\/09\/condair-NanoFog-raumluftbefeuchter-150x150.jpg\" \/>\n<meta name=\"twitter:card\" content=\"summary_large_image\" \/>\n<meta name=\"twitter:label1\" content=\"Gesch\u00e4tzte Lesezeit\" \/>\n\t<meta name=\"twitter:data1\" content=\"1\u00a0Minute\" \/>\n<script type=\"application\/ld+json\" class=\"yoast-schema-graph\">{\"@context\":\"https:\\\/\\\/schema.org\",\"@graph\":[{\"@type\":\"WebPage\",\"@id\":\"https:\\\/\\\/office-roxx.de\\\/primabueroklima\\\/loesungen\\\/\",\"url\":\"https:\\\/\\\/office-roxx.de\\\/primabueroklima\\\/loesungen\\\/\",\"name\":\"L\u00f6sungen - PRIMAB\u00dcROKLIMA\",\"isPartOf\":{\"@id\":\"https:\\\/\\\/office-roxx.de\\\/primabueroklima\\\/#website\"},\"datePublished\":\"2020-08-31T12:41:33+00:00\",\"dateModified\":\"2025-01-13T13:22:29+00:00\",\"breadcrumb\":{\"@id\":\"https:\\\/\\\/office-roxx.de\\\/primabueroklima\\\/loesungen\\\/#breadcrumb\"},\"inLanguage\":\"de\",\"potentialAction\":[{\"@type\":\"ReadAction\",\"target\":[\"https:\\\/\\\/office-roxx.de\\\/primabueroklima\\\/loesungen\\\/\"]}]},{\"@type\":\"BreadcrumbList\",\"@id\":\"https:\\\/\\\/office-roxx.de\\\/primabueroklima\\\/loesungen\\\/#breadcrumb\",\"itemListElement\":[{\"@type\":\"ListItem\",\"position\":1,\"name\":\"Startseite\",\"item\":\"https:\\\/\\\/office-roxx.de\\\/primabueroklima\\\/\"},{\"@type\":\"ListItem\",\"position\":2,\"name\":\"L\u00f6sungen\"}]},{\"@type\":\"WebSite\",\"@id\":\"https:\\\/\\\/office-roxx.de\\\/primabueroklima\\\/#website\",\"url\":\"https:\\\/\\\/office-roxx.de\\\/primabueroklima\\\/\",\"name\":\"PRIMAB\u00dcROKLIMA\",\"description\":\"F\u00fcr eine bessere Luftqualit\u00e4t in Office-Umgebungen\",\"publisher\":{\"@id\":\"https:\\\/\\\/office-roxx.de\\\/primabueroklima\\\/#organization\"},\"potentialAction\":[{\"@type\":\"SearchAction\",\"target\":{\"@type\":\"EntryPoint\",\"urlTemplate\":\"https:\\\/\\\/office-roxx.de\\\/primabueroklima\\\/?s={search_term_string}\"},\"query-input\":{\"@type\":\"PropertyValueSpecification\",\"valueRequired\":true,\"valueName\":\"search_term_string\"}}],\"inLanguage\":\"de\"},{\"@type\":\"Organization\",\"@id\":\"https:\\\/\\\/office-roxx.de\\\/primabueroklima\\\/#organization\",\"name\":\"PRIMAB\u00dcROKLIMA\",\"url\":\"https:\\\/\\\/office-roxx.de\\\/primabueroklima\\\/\",\"logo\":{\"@type\":\"ImageObject\",\"inLanguage\":\"de\",\"@id\":\"https:\\\/\\\/office-roxx.de\\\/primabueroklima\\\/#\\\/schema\\\/logo\\\/image\\\/\",\"url\":\"https:\\\/\\\/office-roxx.de\\\/primabueroklima\\\/wp-content\\\/uploads\\\/2020\\\/09\\\/Prima-Klima-Logo_Farbe_beschn.jpg\",\"contentUrl\":\"https:\\\/\\\/office-roxx.de\\\/primabueroklima\\\/wp-content\\\/uploads\\\/2020\\\/09\\\/Prima-Klima-Logo_Farbe_beschn.jpg\",\"width\":1000,\"height\":675,\"caption\":\"PRIMAB\u00dcROKLIMA\"},\"image\":{\"@id\":\"https:\\\/\\\/office-roxx.de\\\/primabueroklima\\\/#\\\/schema\\\/logo\\\/image\\\/\"}}]}<\/script>\n<!-- \/ Yoast SEO plugin. -->","yoast_head_json":{"title":"L\u00f6sungen - PRIMAB\u00dcROKLIMA","robots":{"index":"index","follow":"follow","max-snippet":"max-snippet:-1","max-image-preview":"max-image-preview:large","max-video-preview":"max-video-preview:-1"},"canonical":"https:\/\/office-roxx.de\/primabueroklima\/loesungen\/","og_locale":"de_DE","og_type":"article","og_title":"L\u00f6sungen - PRIMAB\u00dcROKLIMA","og_url":"https:\/\/office-roxx.de\/primabueroklima\/loesungen\/","og_site_name":"PRIMAB\u00dcROKLIMA","article_modified_time":"2025-01-13T13:22:29+00:00","og_image":[{"url":"https:\/\/office-roxx.de\/primabueroklima\/wp-content\/uploads\/2020\/09\/condair-NanoFog-raumluftbefeuchter-150x150.jpg","type":"","width":"","height":""}],"twitter_card":"summary_large_image","twitter_misc":{"Gesch\u00e4tzte Lesezeit":"1\u00a0Minute"},"schema":{"@context":"https:\/\/schema.org","@graph":[{"@type":"WebPage","@id":"https:\/\/office-roxx.de\/primabueroklima\/loesungen\/","url":"https:\/\/office-roxx.de\/primabueroklima\/loesungen\/","name":"L\u00f6sungen - PRIMAB\u00dcROKLIMA","isPartOf":{"@id":"https:\/\/office-roxx.de\/primabueroklima\/#website"},"datePublished":"2020-08-31T12:41:33+00:00","dateModified":"2025-01-13T13:22:29+00:00","breadcrumb":{"@id":"https:\/\/office-roxx.de\/primabueroklima\/loesungen\/#breadcrumb"},"inLanguage":"de","potentialAction":[{"@type":"ReadAction","target":["https:\/\/office-roxx.de\/primabueroklima\/loesungen\/"]}]},{"@type":"BreadcrumbList","@id":"https:\/\/office-roxx.de\/primabueroklima\/loesungen\/#breadcrumb","itemListElement":[{"@type":"ListItem","position":1,"name":"Startseite","item":"https:\/\/office-roxx.de\/primabueroklima\/"},{"@type":"ListItem","position":2,"name":"L\u00f6sungen"}]},{"@type":"WebSite","@id":"https:\/\/office-roxx.de\/primabueroklima\/#website","url":"https:\/\/office-roxx.de\/primabueroklima\/","name":"PRIMAB\u00dcROKLIMA","description":"F\u00fcr eine bessere Luftqualit\u00e4t in Office-Umgebungen","publisher":{"@id":"https:\/\/office-roxx.de\/primabueroklima\/#organization"},"potentialAction":[{"@type":"SearchAction","target":{"@type":"EntryPoint","urlTemplate":"https:\/\/office-roxx.de\/primabueroklima\/?s={search_term_string}"},"query-input":{"@type":"PropertyValueSpecification","valueRequired":true,"valueName":"search_term_string"}}],"inLanguage":"de"},{"@type":"Organization","@id":"https:\/\/office-roxx.de\/primabueroklima\/#organization","name":"PRIMAB\u00dcROKLIMA","url":"https:\/\/office-roxx.de\/primabueroklima\/","logo":{"@type":"ImageObject","inLanguage":"de","@id":"https:\/\/office-roxx.de\/primabueroklima\/#\/schema\/logo\/image\/","url":"https:\/\/office-roxx.de\/primabueroklima\/wp-content\/uploads\/2020\/09\/Prima-Klima-Logo_Farbe_beschn.jpg","contentUrl":"https:\/\/office-roxx.de\/primabueroklima\/wp-content\/uploads\/2020\/09\/Prima-Klima-Logo_Farbe_beschn.jpg","width":1000,"height":675,"caption":"PRIMAB\u00dcROKLIMA"},"image":{"@id":"https:\/\/office-roxx.de\/primabueroklima\/#\/schema\/logo\/image\/"}}]}},"_links":{"self":[{"href":"https:\/\/office-roxx.de\/primabueroklima\/wp-json\/wp\/v2\/pages\/28","targetHints":{"allow":["GET"]}}],"collection":[{"href":"https:\/\/office-roxx.de\/primabueroklima\/wp-json\/wp\/v2\/pages"}],"about":[{"href":"https:\/\/office-roxx.de\/primabueroklima\/wp-json\/wp\/v2\/types\/page"}],"author":[{"embeddable":true,"href":"https:\/\/office-roxx.de\/primabueroklima\/wp-json\/wp\/v2\/users\/1"}],"replies":[{"embeddable":true,"href":"https:\/\/office-roxx.de\/primabueroklima\/wp-json\/wp\/v2\/comments?post=28"}],"version-history":[{"count":24,"href":"https:\/\/office-roxx.de\/primabueroklima\/wp-json\/wp\/v2\/pages\/28\/revisions"}],"predecessor-version":[{"id":2221,"href":"https:\/\/office-roxx.de\/primabueroklima\/wp-json\/wp\/v2\/pages\/28\/revisions\/2221"}],"wp:attachment":[{"href":"https:\/\/office-roxx.de\/primabueroklima\/wp-json\/wp\/v2\/media?parent=28"}],"wp:term":[{"taxonomy":"post_tag","embeddable":true,"href":"https:\/\/office-roxx.de\/primabueroklima\/wp-json\/wp\/v2\/tags?post=28"}],"curies":[{"name":"wp","href":"https:\/\/api.w.org\/{rel}","templated":true}]}}